{"id":270,"date":"2016-11-05T20:00:52","date_gmt":"2016-11-05T20:00:52","guid":{"rendered":"http:\/\/apuroconta.pt\/?page_id=270"},"modified":"2019-09-23T17:13:44","modified_gmt":"2019-09-23T17:13:44","slug":"contapremio","status":"publish","type":"page","link":"http:\/\/apuroconta.pt\/?page_id=270","title":{"rendered":"ContaPremium"},"content":{"rendered":"<p><span style=\"font-size: 12pt;\">A op\u00e7\u00e3o\u00a0<strong>ContaPremium<\/strong>\u00a0\u00e9 um upgrade da ContaCl\u00e1ssico.<\/span><br \/>\n<span style=\"font-size: 12pt;\"> Nesta op\u00e7\u00e3o, ap\u00f3s reuni\u00e3o inicial com o cliente, estimaremos o volume de trabalho mensal previs\u00edvel, e o correspondente valor de honor\u00e1rios mensal a acordar, n\u00e3o obstante a sua eventual revis\u00e3o caso se verifiquem varia\u00e7\u00f5es significativas face ao estimado inicialmente.<\/span><br \/>\n<span style=\"font-size: 12pt;\"> A ContaPremium diferencia-se da ContaCl\u00e1ssico por o pacote de informa\u00e7\u00e3o a enviar ser mais completo e abrangente, permitindo ao decisor uma an\u00e1lise mais profunda da realidade econ\u00f3mico-financeira. A informa\u00e7\u00e3o a enviar consistir\u00e1 em:<\/span><\/p>\n<ul>\n<li><span style=\"font-size: 12pt;\">Balancete anal\u00edtico<\/span><\/li>\n<li><span style=\"font-size: 12pt;\">Demonstra\u00e7\u00e3o de resultados do per\u00edodo e acumulado<\/span><\/li>\n<li><span style=\"font-size: 12pt;\">Balan\u00e7o<\/span><\/li>\n<li><span style=\"font-size: 12pt;\">Indicadores de gest\u00e3o econ\u00f3mico-financeira<\/span><\/li>\n<li><span style=\"font-size: 12pt;\">Relat\u00f3rio de gest\u00e3o<\/span><\/li>\n<\/ul>\n<p><span style=\"font-size: 12pt;\">Complementaremos o envio de informa\u00e7\u00e3o com reuni\u00e3o mensal de apresenta\u00e7\u00e3o e an\u00e1lise de contas\/resultados.<\/span><\/p>\n","protected":false},"excerpt":{"rendered":"<p>A op\u00e7\u00e3o\u00a0ContaPremium\u00a0\u00e9 um upgrade da ContaCl\u00e1ssico. Nesta op\u00e7\u00e3o, ap\u00f3s reuni\u00e3o inicial com o cliente, estimaremos o volume de trabalho mensal previs\u00edvel, e o correspondente valor de honor\u00e1rios mensal a acordar, n\u00e3o obstante a sua eventual revis\u00e3o caso se verifiquem varia\u00e7\u00f5es&#8230; <a href=\"http:\/\/apuroconta.pt\/?page_id=270\" class=\"readmore\">Read more<span class=\"screen-reader-text\">ContaPremium<\/span><span class=\"fa fa-angle-double-right\" aria-hidden=\"true\"><\/span><\/a><\/p>\n","protected":false},"author":1,"featured_media":0,"parent":225,"menu_order":3,"comment_status":"closed","ping_status":"closed","template":"","meta":[],"aioseo_notices":[],"_links":{"self":[{"href":"http:\/\/apuroconta.pt\/index.php?rest_route=\/wp\/v2\/pages\/270"}],"collection":[{"href":"http:\/\/apuroconta.pt\/index.php?rest_route=\/wp\/v2\/pages"}],"about":[{"href":"http:\/\/apuroconta.pt\/index.php?rest_route=\/wp\/v2\/types\/page"}],"author":[{"embeddable":true,"href":"http:\/\/apuroconta.pt\/index.php?rest_route=\/wp\/v2\/users\/1"}],"replies":[{"embeddable":true,"href":"http:\/\/apuroconta.pt\/index.php?rest_route=%2Fwp%2Fv2%2Fcomments&post=270"}],"version-history":[{"count":5,"href":"http:\/\/apuroconta.pt\/index.php?rest_route=\/wp\/v2\/pages\/270\/revisions"}],"predecessor-version":[{"id":347,"href":"http:\/\/apuroconta.pt\/index.php?rest_route=\/wp\/v2\/pages\/270\/revisions\/347"}],"up":[{"embeddable":true,"href":"http:\/\/apuroconta.pt\/index.php?rest_route=\/wp\/v2\/pages\/225"}],"wp:attachment":[{"href":"http:\/\/apuroconta.pt\/index.php?rest_route=%2Fwp%2Fv2%2Fmedia&parent=270"}],"curies":[{"name":"wp","href":"https:\/\/api.w.org\/{rel}","templated":true}]}}